{"id":771,"date":"2018-09-03T04:17:37","date_gmt":"2018-09-03T03:17:37","guid":{"rendered":"http:\/\/www.optica-andorrana.com\/blog\/?page_id=771"},"modified":"2020-12-21T05:02:50","modified_gmt":"2020-12-21T04:02:50","slug":"ocupacio","status":"publish","type":"page","link":"https:\/\/www.optica-andorrana.com\/ca\/ocupacio\/","title":{"rendered":"Ocupaci\u00f3"},"content":{"rendered":"[et_pb_section fb_built=&#8221;1&#8243; _builder_version=&#8221;3.22&#8243; custom_margin=&#8221;0px|||&#8221; custom_padding=&#8221;0px|||&#8221; da_is_popup=&#8221;off&#8221; da_exit_intent=&#8221;off&#8221; da_has_close=&#8221;on&#8221; da_alt_close=&#8221;off&#8221; da_dark_close=&#8221;off&#8221; da_not_modal=&#8221;on&#8221; da_is_singular=&#8221;off&#8221; da_with_loader=&#8221;off&#8221; da_has_shadow=&#8221;on&#8221; da_disable_devices=&#8221;off|off|off&#8221;][et_pb_row _builder_version=&#8221;3.25&#8243;][et_pb_column type=&#8221;4_4&#8243; _builder_version=&#8221;3.0.47&#8243; custom_padding=&#8221;|||&#8221; custom_padding__hover=&#8221;|||&#8221;][et_pb_image src=&#8221;https:\/\/www.optica-andorrana.com\/wp-content\/uploads\/2018\/09\/trabaja-con-nosotros-2.jpg&#8221; alt=&#8221;\u00d2ptic-optometrista somriu mentre gradua la vista d&#8217;una pacient&#8221; title_text=&#8221;Busquem \u00f2ptics-optometristes, venedors, muntadors i estudiants d&#8217;\u00d2ptica. Omple el formulari si vols treballar amb nosaltres.&#8221; align_tablet=&#8221;center&#8221; align_phone=&#8221;&#8221; align_last_edited=&#8221;on|desktop&#8221; admin_label=&#8221;Imagen&#8221; _builder_version=&#8221;4.7.7&#8243; custom_margin=&#8221;0px|||&#8221;][\/et_pb_image][et_pb_code admin_label=&#8221;Shortcode de carga del select de ciudades&#8221;]\n\t<style>[data-id=\"tiendas\"] .et_pb_contact_field_checkbox{ display:inline !important; margin-right: 1em;}<\/style>\n\t<script language=\"javascript\">jQuery( document ).ready(function($) { $('p[data-id=tiendas] .et_pb_contact_field_options_list').append('<span class=\"et_pb_contact_field_checkbox\"><input id=\"et_pb_contact_otras_14_0\" class=\"input\" value=\"Arenys de mar\" data-id=\"\" type=\"checkbox\"><label for=\"et_pb_contact_otras_14_0\"><i><\/i>Arenys de mar<\/label><\/span>');$('p[data-id=tiendas] .et_pb_contact_field_options_list').append('<span class=\"et_pb_contact_field_checkbox\"><input id=\"et_pb_contact_otras_14_1\" class=\"input\" value=\"Barbastro\" data-id=\"\" type=\"checkbox\"><label for=\"et_pb_contact_otras_14_1\"><i><\/i>Barbastro<\/label><\/span>');$('p[data-id=tiendas] .et_pb_contact_field_options_list').append('<span class=\"et_pb_contact_field_checkbox\"><input id=\"et_pb_contact_otras_14_2\" class=\"input\" value=\"Barcelona (Fabra i Puig)\" data-id=\"\" type=\"checkbox\"><label for=\"et_pb_contact_otras_14_2\"><i><\/i>Barcelona (Fabra i Puig)<\/label><\/span>');$('p[data-id=tiendas] .et_pb_contact_field_options_list').append('<span class=\"et_pb_contact_field_checkbox\"><input id=\"et_pb_contact_otras_14_3\" class=\"input\" value=\"Blanes\" data-id=\"\" type=\"checkbox\"><label for=\"et_pb_contact_otras_14_3\"><i><\/i>Blanes<\/label><\/span>');$('p[data-id=tiendas] .et_pb_contact_field_options_list').append('<span class=\"et_pb_contact_field_checkbox\"><input id=\"et_pb_contact_otras_14_4\" class=\"input\" value=\"Calella\" data-id=\"\" type=\"checkbox\"><label for=\"et_pb_contact_otras_14_4\"><i><\/i>Calella<\/label><\/span>');$('p[data-id=tiendas] .et_pb_contact_field_options_list').append('<span class=\"et_pb_contact_field_checkbox\"><input id=\"et_pb_contact_otras_14_5\" class=\"input\" value=\"Canet de Mar\" data-id=\"\" type=\"checkbox\"><label for=\"et_pb_contact_otras_14_5\"><i><\/i>Canet de Mar<\/label><\/span>');$('p[data-id=tiendas] .et_pb_contact_field_options_list').append('<span class=\"et_pb_contact_field_checkbox\"><input id=\"et_pb_contact_otras_14_6\" class=\"input\" value=\"Gij\u00f3n\" data-id=\"\" type=\"checkbox\"><label for=\"et_pb_contact_otras_14_6\"><i><\/i>Gij\u00f3n<\/label><\/span>');$('p[data-id=tiendas] .et_pb_contact_field_options_list').append('<span class=\"et_pb_contact_field_checkbox\"><input id=\"et_pb_contact_otras_14_7\" class=\"input\" value=\"Granollers\" data-id=\"\" type=\"checkbox\"><label for=\"et_pb_contact_otras_14_7\"><i><\/i>Granollers<\/label><\/span>');$('p[data-id=tiendas] .et_pb_contact_field_options_list').append('<span class=\"et_pb_contact_field_checkbox\"><input id=\"et_pb_contact_otras_14_8\" class=\"input\" value=\"Huesca\" data-id=\"\" type=\"checkbox\"><label for=\"et_pb_contact_otras_14_8\"><i><\/i>Huesca<\/label><\/span>');$('p[data-id=tiendas] .et_pb_contact_field_options_list').append('<span class=\"et_pb_contact_field_checkbox\"><input id=\"et_pb_contact_otras_14_9\" class=\"input\" value=\"Igualada\" data-id=\"\" type=\"checkbox\"><label for=\"et_pb_contact_otras_14_9\"><i><\/i>Igualada<\/label><\/span>');$('p[data-id=tiendas] .et_pb_contact_field_options_list').append('<span class=\"et_pb_contact_field_checkbox\"><input id=\"et_pb_contact_otras_14_10\" class=\"input\" value=\"La Garriga\" data-id=\"\" type=\"checkbox\"><label for=\"et_pb_contact_otras_14_10\"><i><\/i>La Garriga<\/label><\/span>');$('p[data-id=tiendas] .et_pb_contact_field_options_list').append('<span class=\"et_pb_contact_field_checkbox\"><input id=\"et_pb_contact_otras_14_11\" class=\"input\" value=\"Le\u00f3n\" data-id=\"\" type=\"checkbox\"><label for=\"et_pb_contact_otras_14_11\"><i><\/i>Le\u00f3n<\/label><\/span>');$('p[data-id=tiendas] .et_pb_contact_field_options_list').append('<span class=\"et_pb_contact_field_checkbox\"><input id=\"et_pb_contact_otras_14_12\" class=\"input\" value=\"Lleida\" data-id=\"\" type=\"checkbox\"><label for=\"et_pb_contact_otras_14_12\"><i><\/i>Lleida<\/label><\/span>');$('p[data-id=tiendas] .et_pb_contact_field_options_list').append('<span class=\"et_pb_contact_field_checkbox\"><input id=\"et_pb_contact_otras_14_13\" class=\"input\" value=\"Logro\u00f1o\" data-id=\"\" type=\"checkbox\"><label for=\"et_pb_contact_otras_14_13\"><i><\/i>Logro\u00f1o<\/label><\/span>');$('p[data-id=tiendas] .et_pb_contact_field_options_list').append('<span class=\"et_pb_contact_field_checkbox\"><input id=\"et_pb_contact_otras_14_14\" class=\"input\" value=\"Malgrat de Mar\" data-id=\"\" type=\"checkbox\"><label for=\"et_pb_contact_otras_14_14\"><i><\/i>Malgrat de Mar<\/label><\/span>');$('p[data-id=tiendas] .et_pb_contact_field_options_list').append('<span class=\"et_pb_contact_field_checkbox\"><input id=\"et_pb_contact_otras_14_15\" class=\"input\" value=\"Manresa\" data-id=\"\" type=\"checkbox\"><label for=\"et_pb_contact_otras_14_15\"><i><\/i>Manresa<\/label><\/span>');$('p[data-id=tiendas] .et_pb_contact_field_options_list').append('<span class=\"et_pb_contact_field_checkbox\"><input id=\"et_pb_contact_otras_14_16\" class=\"input\" value=\"Matar\u00f3\" data-id=\"\" type=\"checkbox\"><label for=\"et_pb_contact_otras_14_16\"><i><\/i>Matar\u00f3<\/label><\/span>');$('p[data-id=tiendas] .et_pb_contact_field_options_list').append('<span class=\"et_pb_contact_field_checkbox\"><input id=\"et_pb_contact_otras_14_17\" class=\"input\" value=\"Mollet del Vall\u00e8s\" data-id=\"\" type=\"checkbox\"><label for=\"et_pb_contact_otras_14_17\"><i><\/i>Mollet del Vall\u00e8s<\/label><\/span>');$('p[data-id=tiendas] .et_pb_contact_field_options_list').append('<span class=\"et_pb_contact_field_checkbox\"><input id=\"et_pb_contact_otras_14_18\" class=\"input\" value=\"Monz\u00f3n\" data-id=\"\" type=\"checkbox\"><label for=\"et_pb_contact_otras_14_18\"><i><\/i>Monz\u00f3n<\/label><\/span>');$('p[data-id=tiendas] .et_pb_contact_field_options_list').append('<span class=\"et_pb_contact_field_checkbox\"><input id=\"et_pb_contact_otras_14_19\" class=\"input\" value=\"Olesa de Montserrat\" data-id=\"\" type=\"checkbox\"><label for=\"et_pb_contact_otras_14_19\"><i><\/i>Olesa de Montserrat<\/label><\/span>');$('p[data-id=tiendas] .et_pb_contact_field_options_list').append('<span class=\"et_pb_contact_field_checkbox\"><input id=\"et_pb_contact_otras_14_20\" class=\"input\" value=\"Palencia\" data-id=\"\" type=\"checkbox\"><label for=\"et_pb_contact_otras_14_20\"><i><\/i>Palencia<\/label><\/span>');$('p[data-id=tiendas] .et_pb_contact_field_options_list').append('<span class=\"et_pb_contact_field_checkbox\"><input id=\"et_pb_contact_otras_14_21\" class=\"input\" value=\"Pineda de Mar\" data-id=\"\" type=\"checkbox\"><label for=\"et_pb_contact_otras_14_21\"><i><\/i>Pineda de Mar<\/label><\/span>');$('p[data-id=tiendas] .et_pb_contact_field_options_list').append('<span class=\"et_pb_contact_field_checkbox\"><input id=\"et_pb_contact_otras_14_22\" class=\"input\" value=\"Reus\" data-id=\"\" type=\"checkbox\"><label for=\"et_pb_contact_otras_14_22\"><i><\/i>Reus<\/label><\/span>');$('p[data-id=tiendas] .et_pb_contact_field_options_list').append('<span class=\"et_pb_contact_field_checkbox\"><input id=\"et_pb_contact_otras_14_23\" class=\"input\" value=\"Sabadell\" data-id=\"\" type=\"checkbox\"><label for=\"et_pb_contact_otras_14_23\"><i><\/i>Sabadell<\/label><\/span>');$('p[data-id=tiendas] .et_pb_contact_field_options_list').append('<span class=\"et_pb_contact_field_checkbox\"><input id=\"et_pb_contact_otras_14_24\" class=\"input\" value=\"Sant Cugat\" data-id=\"\" type=\"checkbox\"><label for=\"et_pb_contact_otras_14_24\"><i><\/i>Sant Cugat<\/label><\/span>');$('p[data-id=tiendas] .et_pb_contact_field_options_list').append('<span class=\"et_pb_contact_field_checkbox\"><input id=\"et_pb_contact_otras_14_25\" class=\"input\" value=\"Sant Vicen\u00e7 dels Horts\" data-id=\"\" type=\"checkbox\"><label for=\"et_pb_contact_otras_14_25\"><i><\/i>Sant Vicen\u00e7 dels Horts<\/label><\/span>');$('p[data-id=tiendas] .et_pb_contact_field_options_list').append('<span class=\"et_pb_contact_field_checkbox\"><input id=\"et_pb_contact_otras_14_26\" class=\"input\" value=\"Terrassa Centre\" data-id=\"\" type=\"checkbox\"><label for=\"et_pb_contact_otras_14_26\"><i><\/i>Terrassa Centre<\/label><\/span>');$('p[data-id=tiendas] .et_pb_contact_field_options_list').append('<span class=\"et_pb_contact_field_checkbox\"><input id=\"et_pb_contact_otras_14_27\" class=\"input\" value=\"Terrassa Mutua\" data-id=\"\" type=\"checkbox\"><label for=\"et_pb_contact_otras_14_27\"><i><\/i>Terrassa Mutua<\/label><\/span>');$('p[data-id=tiendas] .et_pb_contact_field_options_list').append('<span class=\"et_pb_contact_field_checkbox\"><input id=\"et_pb_contact_otras_14_28\" class=\"input\" value=\"Teruel\" data-id=\"\" type=\"checkbox\"><label for=\"et_pb_contact_otras_14_28\"><i><\/i>Teruel<\/label><\/span>');$('p[data-id=tiendas] .et_pb_contact_field_options_list').append('<span class=\"et_pb_contact_field_checkbox\"><input id=\"et_pb_contact_otras_14_29\" class=\"input\" value=\"Vilassar de Mar\" data-id=\"\" type=\"checkbox\"><label for=\"et_pb_contact_otras_14_29\"><i><\/i>Vilassar de Mar<\/label><\/span>');$('p[data-id=tiendas] .et_pb_contact_field_options_list').append('<span class=\"et_pb_contact_field_checkbox\"><input id=\"et_pb_contact_otras_14_30\" class=\"input\" value=\"Zaragoza Delicias\" data-id=\"\" type=\"checkbox\"><label for=\"et_pb_contact_otras_14_30\"><i><\/i>Zaragoza Delicias<\/label><\/span>');$('p[data-id=tiendas] .et_pb_contact_field_options_list').append('<span class=\"et_pb_contact_field_checkbox\"><input id=\"et_pb_contact_otras_14_31\" class=\"input\" value=\"Zaragoza Le\u00f3n XIII\" data-id=\"\" type=\"checkbox\"><label for=\"et_pb_contact_otras_14_31\"><i><\/i>Zaragoza Le\u00f3n XIII<\/label><\/span>');$('p[data-id=tiendas] .et_pb_contact_field_options_list').append('<span class=\"et_pb_contact_field_checkbox\"><input id=\"et_pb_contact_otras_14_32\" class=\"input\" value=\"Zaragoza Paseo de Pamplona\" data-id=\"\" type=\"checkbox\"><label for=\"et_pb_contact_otras_14_32\"><i><\/i>Zaragoza Paseo de Pamplona<\/label><\/span>'); })<\/script>\n\t<!-- [et_pb_line_break_holder] -->[\/et_pb_code][et_pb_text admin_label=&#8221;Texto&#8221; _builder_version=&#8221;4.7.7&#8243; text_font=&#8221;|600|||||||&#8221; header_font=&#8221;|700|||||||&#8221; header_text_color=&#8221;#e00000&#8243; header_2_font=&#8221;|700|||||||&#8221; header_2_text_color=&#8221;#e00000&#8243; header_2_line_height=&#8221;1.1em&#8221; custom_margin=&#8221;||0.3em|&#8221;]\n<h1 class=\"entry-title\" rel=\"bookmark\">Uneix-te a nostre equip<\/h1>\n[\/et_pb_text][et_pb_contact_form email=&#8221;rrhh@optica-andorrana.com,contacto@vivazzio.com&#8221; custom_message=&#8221;Nombre: %%nombre%%||et_pb_line_break_holder||||et_pb_line_break_holder||Apellidos: %%apellidos%%||et_pb_line_break_holder||||et_pb_line_break_holder||Email: %%email%%||et_pb_line_break_holder||||et_pb_line_break_holder||Tel\u00e9fono: %%telefono%%||et_pb_line_break_holder||||et_pb_line_break_holder||Nacimiento: %%nacimiento%%||et_pb_line_break_holder||||et_pb_line_break_holder||Linkedin: %%linkedin%%||et_pb_line_break_holder||||et_pb_line_break_holder||Tiendas: %%tiendas%%||et_pb_line_break_holder||||et_pb_line_break_holder||Anotaciones: %%anotaciones%%||et_pb_line_break_holder||||et_pb_line_break_holder||Ocupaci\u00f3n: %%ocupacion%%||et_pb_line_break_holder||||et_pb_line_break_holder||Experiencia: %%experiencia%%||et_pb_line_break_holder||||et_pb_line_break_holder||Puesto: %%puesto%%||et_pb_line_break_holder||||et_pb_line_break_holder||Jornada: %%jornada%%&#8221; success_message=&#8221;Hem rebut les teves dades correctament. Gr\u00e0cies per interessar-te en unir-te al nostre equip.&#8221; admin_label=&#8221;Formulario de contacto&#8221; _builder_version=&#8221;4.7.7&#8243; form_field_background_color=&#8221;#ffffff&#8221; form_field_text_color=&#8221;#595959&#8243; custom_margin=&#8221;2em||2em|&#8221; z_index_tablet=&#8221;500&#8243; title_text_shadow_horizontal_length_tablet=&#8221;0px&#8221; title_text_shadow_vertical_length_tablet=&#8221;0px&#8221; title_text_shadow_blur_strength_tablet=&#8221;1px&#8221; captcha_text_shadow_horizontal_length_tablet=&#8221;0px&#8221; captcha_text_shadow_vertical_length_tablet=&#8221;0px&#8221; captcha_text_shadow_blur_strength_tablet=&#8221;1px&#8221; form_field_text_shadow_horizontal_length_tablet=&#8221;0px&#8221; form_field_text_shadow_vertical_length_tablet=&#8221;0px&#8221; form_field_text_shadow_blur_strength_tablet=&#8221;1px&#8221; border_width_all=&#8221;1px&#8221; border_color_all=&#8221;#dbdbdb&#8221; button_text_shadow_horizontal_length_tablet=&#8221;0px&#8221; button_text_shadow_vertical_length_tablet=&#8221;0px&#8221; button_text_shadow_blur_strength_tablet=&#8221;1px&#8221; box_shadow_horizontal_tablet=&#8221;0px&#8221; box_shadow_vertical_tablet=&#8221;0px&#8221; box_shadow_blur_tablet=&#8221;40px&#8221; box_shadow_spread_tablet=&#8221;0px&#8221; box_shadow_horizontal_button_tablet=&#8221;0px&#8221; box_shadow_vertical_button_tablet=&#8221;0px&#8221; box_shadow_blur_button_tablet=&#8221;40px&#8221; box_shadow_spread_button_tablet=&#8221;0px&#8221; text_shadow_horizontal_length_tablet=&#8221;0px&#8221; text_shadow_vertical_length_tablet=&#8221;0px&#8221; text_shadow_blur_strength_tablet=&#8221;1px&#8221; saved_tabs=&#8221;all&#8221;][et_pb_contact_field field_id=&#8221;nombre&#8221; field_title=&#8221;Nom&#8221; _builder_version=&#8221;3.27.4&#8243;][\/et_pb_contact_field][et_pb_contact_field field_id=&#8221;apellidos&#8221; field_title=&#8221;Cognoms&#8221; _builder_version=&#8221;3.27.4&#8243;][\/et_pb_contact_field][et_pb_contact_field field_id=&#8221;email&#8221; field_title=&#8221;Email&#8221; field_type=&#8221;email&#8221; _builder_version=&#8221;3.27.4&#8243;][\/et_pb_contact_field][et_pb_contact_field field_id=&#8221;telefono&#8221; field_title=&#8221;Tel\u00e8fon&#8221; min_length=&#8221;9&#8243; max_length=&#8221;12&#8243; allowed_symbols=&#8221;numbers&#8221; _builder_version=&#8221;3.27.4&#8243;][\/et_pb_contact_field][et_pb_contact_field field_id=&#8221;nacimiento&#8221; field_title=&#8221;Data de naixement&#8221; min_length=&#8221;6&#8243; max_length=&#8221;20&#8243; _builder_version=&#8221;3.27.4&#8243;][\/et_pb_contact_field][et_pb_contact_field field_id=&#8221;linkedin&#8221; field_title=&#8221;Perfil de Linkedin&#8221; required_mark=&#8221;off&#8221; _builder_version=&#8221;3.27.4&#8243;][\/et_pb_contact_field][et_pb_contact_field field_id=&#8221;ocupacion&#8221; field_title=&#8221;Treballa actualment?&#8221; field_type=&#8221;select&#8221; select_options=&#8221;%91{%22value%22:%22S\u00ed%22,%22checked%22:0},{%22value%22:%22No%22,%22checked%22:0}%93&#8243; _builder_version=&#8221;3.27.4&#8243;][\/et_pb_contact_field][et_pb_contact_field field_id=&#8221;experiencia&#8221; field_title=&#8221;Anys d\u00b4experi\u00e8ncia&#8221; min_length=&#8221;1&#8243; max_length=&#8221;3&#8243; allowed_symbols=&#8221;numbers&#8221; required_mark=&#8221;off&#8221; _builder_version=&#8221;3.27.4&#8243;][\/et_pb_contact_field][et_pb_contact_field field_id=&#8221;puesto&#8221; field_title=&#8221;Lloc de treball al que opta&#8221; field_type=&#8221;select&#8221; select_options=&#8221;%91{%22value%22:%22\u00d3ptico-optometrista%22,%22checked%22:0},{%22value%22:%22Vendedor%22,%22checked%22:0},{%22value%22:%22Montador%22,%22checked%22:0},{%22value%22:%22Estudiante de \u00f3ptica%22,%22checked%22:0}%93&#8243; _builder_version=&#8221;3.27.4&#8243;][\/et_pb_contact_field][et_pb_contact_field field_id=&#8221;jornada&#8221; field_title=&#8221;Tipus de jornada&#8221; field_type=&#8221;select&#8221; select_options=&#8221;%91{%22value%22:%22Jornada completa%22,%22checked%22:0},{%22value%22:%22Media jornada (ma\u00f1ana)%22,%22checked%22:0},{%22value%22:%22Media jornada (tarde)%22,%22checked%22:0},{%22value%22:%22Fines de semana%22,%22checked%22:0}%93&#8243; _builder_version=&#8221;3.27.4&#8243;][\/et_pb_contact_field][et_pb_contact_field field_id=&#8221;tiendas&#8221; field_title=&#8221;Seleccioni les botigues a les que li agradaria treballar&#8221; field_type=&#8221;checkbox&#8221; checkbox_options=&#8221;%91%93&#8243; required_mark=&#8221;off&#8221; fullwidth_field=&#8221;on&#8221; _builder_version=&#8221;3.27.4&#8243;][\/et_pb_contact_field][et_pb_contact_field field_id=&#8221;anotaciones&#8221; field_title=&#8221;Anotacions&#8221; field_type=&#8221;text&#8221; required_mark=&#8221;off&#8221; fullwidth_field=&#8221;on&#8221; _builder_version=&#8221;3.27.4&#8243;][\/et_pb_contact_field][et_pb_contact_field field_id=&#8221;rgpd&#8221; field_title=&#8221;RGPD&#8221; field_type=&#8221;checkbox&#8221; checkbox_options=&#8221;%91{%22value%22:%22He llegit i accepto les condicions contingudes en la pol\u00edtica de privacitat sobre el tractament de les meves dades i la informaci\u00f3 facilitada amb el meu curr\u00edculum per a processos de selecci\u00f3 de MUTRAOPTIC, SL que encaixin amb el meu perfil.%22,%22checked%22:0}%93&#8243; fullwidth_field=&#8221;on&#8221; field_title_tablet=&#8221;RGPD&#8221; field_title_phone=&#8221;RGPD&#8221; _builder_version=&#8221;3.27.4&#8243; background_color_gradient_direction_tablet=&#8221;180deg&#8221; background_color_gradient_direction_phone=&#8221;180deg&#8221; background_color_gradient_start_position_tablet=&#8221;0%&#8221; background_color_gradient_start_position_phone=&#8221;0%&#8221; background_color_gradient_end_position_tablet=&#8221;100%&#8221; background_color_gradient_end_position_phone=&#8221;100%&#8221; hover_transition_duration_tablet=&#8221;300ms&#8221; hover_transition_duration_phone=&#8221;300ms&#8221; hover_transition_delay_tablet=&#8221;0ms&#8221; hover_transition_delay_phone=&#8221;0ms&#8221; form_field_text_shadow_horizontal_length_tablet=&#8221;0em&#8221; form_field_text_shadow_horizontal_length_phone=&#8221;0em&#8221; form_field_text_shadow_vertical_length_tablet=&#8221;0em&#8221; form_field_text_shadow_vertical_length_phone=&#8221;0em&#8221; form_field_text_shadow_blur_strength_tablet=&#8221;0em&#8221; form_field_text_shadow_blur_strength_phone=&#8221;0em&#8221; box_shadow_horizontal_tablet=&#8221;0px&#8221; box_shadow_horizontal_phone=&#8221;0px&#8221; box_shadow_vertical_tablet=&#8221;0px&#8221; box_shadow_vertical_phone=&#8221;0px&#8221; box_shadow_blur_tablet=&#8221;40px&#8221; box_shadow_blur_phone=&#8221;40px&#8221; box_shadow_spread_tablet=&#8221;0px&#8221; box_shadow_spread_phone=&#8221;0px&#8221;][\/et_pb_contact_field][\/et_pb_contact_form][et_pb_text admin_label=&#8221;Texto RGPD&#8221; _builder_version=&#8221;3.27.4&#8243; text_font=&#8221;|600|||||||&#8221; header_font=&#8221;|700|||||||&#8221; header_text_color=&#8221;#e00000&#8243; header_2_font=&#8221;|700|||||||&#8221; header_2_text_color=&#8221;#e00000&#8243; header_2_line_height=&#8221;1.1em&#8221; custom_margin=&#8221;||0.3em|&#8221; z_index_tablet=&#8221;500&#8243; text_text_shadow_horizontal_length_tablet=&#8221;0px&#8221; text_text_shadow_vertical_length_tablet=&#8221;0px&#8221; text_text_shadow_blur_strength_tablet=&#8221;1px&#8221; link_text_shadow_horizontal_length_tablet=&#8221;0px&#8221; link_text_shadow_vertical_length_tablet=&#8221;0px&#8221; link_text_shadow_blur_strength_tablet=&#8221;1px&#8221; ul_text_shadow_horizontal_length_tablet=&#8221;0px&#8221; ul_text_shadow_vertical_length_tablet=&#8221;0px&#8221; ul_text_shadow_blur_strength_tablet=&#8221;1px&#8221; ol_text_shadow_horizontal_length_tablet=&#8221;0px&#8221; ol_text_shadow_vertical_length_tablet=&#8221;0px&#8221; ol_text_shadow_blur_strength_tablet=&#8221;1px&#8221; quote_text_shadow_horizontal_length_tablet=&#8221;0px&#8221; quote_text_shadow_vertical_length_tablet=&#8221;0px&#8221; quote_text_shadow_blur_strength_tablet=&#8221;1px&#8221; header_text_shadow_horizontal_length_tablet=&#8221;0px&#8221; header_text_shadow_vertical_length_tablet=&#8221;0px&#8221; header_text_shadow_blur_strength_tablet=&#8221;1px&#8221; header_2_text_shadow_horizontal_length_tablet=&#8221;0px&#8221; header_2_text_shadow_vertical_length_tablet=&#8221;0px&#8221; header_2_text_shadow_blur_strength_tablet=&#8221;1px&#8221; header_3_text_shadow_horizontal_length_tablet=&#8221;0px&#8221; header_3_text_shadow_vertical_length_tablet=&#8221;0px&#8221; header_3_text_shadow_blur_strength_tablet=&#8221;1px&#8221; header_4_text_shadow_horizontal_length_tablet=&#8221;0px&#8221; header_4_text_shadow_vertical_length_tablet=&#8221;0px&#8221; header_4_text_shadow_blur_strength_tablet=&#8221;1px&#8221; header_5_text_shadow_horizontal_length_tablet=&#8221;0px&#8221; header_5_text_shadow_vertical_length_tablet=&#8221;0px&#8221; header_5_text_shadow_blur_strength_tablet=&#8221;1px&#8221; header_6_text_shadow_horizontal_length_tablet=&#8221;0px&#8221; header_6_text_shadow_vertical_length_tablet=&#8221;0px&#8221; header_6_text_shadow_blur_strength_tablet=&#8221;1px&#8221; box_shadow_horizontal_tablet=&#8221;0px&#8221; box_shadow_vertical_tablet=&#8221;0px&#8221; box_shadow_blur_tablet=&#8221;40px&#8221; box_shadow_spread_tablet=&#8221;0px&#8221;]\n<p style=\"text-align: justify;font-weight:400;\"><small>MUTRAOPTIC, SL com a responsable del tractament tractar\u00e0 les teves dades amb la finalitat de gestionar la teva participaci\u00f3 en els processos de selecci\u00f3 de la nostra entidad. Pots accedir, rectificar i suprimir les teves dades, aix\u00ed com exercir altres drets consultant la informaci\u00f3 addicional i detallada sobre protecci\u00f3 de dades a la nostra <a href=\"https:\/\/www.optica-andorrana.com\/ca\/politica-de-privacitat\">Pol\u00edtica de Privacitat<\/a><\/small><\/p>\n[\/et_pb_text][\/et_pb_column][\/et_pb_row][\/et_pb_section]\n<span class=\"updated dn\">3 setembre,2018<\/span>","protected":false},"excerpt":{"rendered":"<p>[acf-andorrana field=&#8221;title&#8221;][acf-andorrana field=&#8221;image&#8221;][acf-andorrana field=&#8221;buttons&#8221;]Dades de contacte Direcci\u00f3: Paseo de Pamplona, 9, [acf-andorrana field=&#8221;postal_code&#8221;], ZaragozaTel\u00e8fon: [acf-andorrana field=&#8221;phone&#8221;]Correu: zaragoza2@optica-andorrana.comHorari d&#8217;obertura de la botiga Aquests s\u00f3n els dies i hores en els quals ens trobareu oberts al p\u00fablic: Dilluns [acf-andorrana field=&#8221;opening_times&#8221; day=&#8221;1&#8243;] Dimarts [acf-andorrana field=&#8221;opening_times&#8221; day=&#8221;2&#8243;] Dimecres [acf-andorrana field=&#8221;opening_times&#8221; day=&#8221;3&#8243;] Dijous [acf-andorrana field=&#8221;opening_times&#8221; day=&#8221;4&#8243;] Divendres [acf-andorrana field=&#8221;opening_times&#8221; day=&#8221;5&#8243;] [&hellip;]<\/p>\n","protected":false},"author":1,"featured_media":0,"parent":0,"menu_order":0,"comment_status":"closed","ping_status":"closed","template":"","meta":{"_acf_changed":false,"_et_pb_use_builder":"on","_et_pb_old_content":"","_et_gb_content_width":"","footnotes":""},"class_list":["post-771","page","type-page","status-publish","hentry"],"acf":[],"yoast_head":"<!-- This site is optimized with the Yoast SEO plugin v27.5 - https:\/\/yoast.com\/product\/yoast-seo-wordpress\/ -->\n<title>Treballa amb nosaltres. Formulari d&#039;ocupaci\u00f3. - \u00d3ptica Andorrana<\/title>\n<meta name=\"description\" content=\"Vols treballar amb nosaltres? Busquem \u00f2ptics-optometristes, venedors, muntadors i estudiants d&#039;\u00f2ptica per a les nostres \u00f2ptiques.\" \/>\n<meta name=\"robots\" content=\"index, follow, max-snippet:-1, max-image-preview:large, max-video-preview:-1\" \/>\n<link rel=\"canonical\" href=\"https:\/\/www.optica-andorrana.com\/ca\/ocupacio\/\" \/>\n<meta property=\"og:locale\" content=\"ca_ES\" \/>\n<meta property=\"og:type\" content=\"article\" \/>\n<meta property=\"og:title\" content=\"Treballa amb nosaltres. Formulari d&#039;ocupaci\u00f3. - \u00d3ptica Andorrana\" \/>\n<meta property=\"og:description\" content=\"Vols treballar amb nosaltres? Busquem \u00f2ptics-optometristes, venedors, muntadors i estudiants d&#039;\u00f2ptica per a les nostres \u00f2ptiques.\" \/>\n<meta property=\"og:url\" content=\"https:\/\/www.optica-andorrana.com\/ca\/ocupacio\/\" \/>\n<meta property=\"og:site_name\" content=\"\u00d3ptica Andorrana\" \/>\n<meta property=\"article:publisher\" content=\"https:\/\/www.facebook.com\/laandorrana\/\" \/>\n<meta property=\"article:modified_time\" content=\"2020-12-21T04:02:50+00:00\" \/>\n<meta name=\"twitter:card\" content=\"summary_large_image\" \/>\n<meta name=\"twitter:site\" content=\"@OpticaAndorrana\" \/>\n<meta name=\"twitter:label1\" content=\"Temps estimat de lectura\" \/>\n\t<meta name=\"twitter:data1\" content=\"7 minuts\" \/>\n<script type=\"application\/ld+json\" class=\"yoast-schema-graph\">{\"@context\":\"https:\\\/\\\/schema.org\",\"@graph\":[{\"@type\":\"WebPage\",\"@id\":\"https:\\\/\\\/www.optica-andorrana.com\\\/ca\\\/ocupacio\\\/\",\"url\":\"https:\\\/\\\/www.optica-andorrana.com\\\/ca\\\/ocupacio\\\/\",\"name\":\"Treballa amb nosaltres. Formulari d'ocupaci\u00f3. - \u00d3ptica Andorrana\",\"isPartOf\":{\"@id\":\"https:\\\/\\\/www.optica-andorrana.com\\\/ca\\\/#website\"},\"datePublished\":\"2018-09-03T03:17:37+00:00\",\"dateModified\":\"2020-12-21T04:02:50+00:00\",\"description\":\"Vols treballar amb nosaltres? Busquem \u00f2ptics-optometristes, venedors, muntadors i estudiants d'\u00f2ptica per a les nostres \u00f2ptiques.\",\"breadcrumb\":{\"@id\":\"https:\\\/\\\/www.optica-andorrana.com\\\/ca\\\/ocupacio\\\/#breadcrumb\"},\"inLanguage\":\"ca\",\"potentialAction\":[{\"@type\":\"ReadAction\",\"target\":[\"https:\\\/\\\/www.optica-andorrana.com\\\/ca\\\/ocupacio\\\/\"]}]},{\"@type\":\"BreadcrumbList\",\"@id\":\"https:\\\/\\\/www.optica-andorrana.com\\\/ca\\\/ocupacio\\\/#breadcrumb\",\"itemListElement\":[{\"@type\":\"ListItem\",\"position\":1,\"name\":\"Portada\",\"item\":\"https:\\\/\\\/www.optica-andorrana.com\\\/ca\\\/\"},{\"@type\":\"ListItem\",\"position\":2,\"name\":\"Ocupaci\u00f3\"}]},{\"@type\":\"WebSite\",\"@id\":\"https:\\\/\\\/www.optica-andorrana.com\\\/ca\\\/#website\",\"url\":\"https:\\\/\\\/www.optica-andorrana.com\\\/ca\\\/\",\"name\":\"\u00d3ptica Andorrana\",\"description\":\"ed de \u00f3pticas con gafas de sol, gafas graduadas y lentes de contacto de primeras marcas a los siempre rebajados precios de Andorra\",\"publisher\":{\"@id\":\"https:\\\/\\\/www.optica-andorrana.com\\\/ca\\\/#organization\"},\"potentialAction\":[{\"@type\":\"SearchAction\",\"target\":{\"@type\":\"EntryPoint\",\"urlTemplate\":\"https:\\\/\\\/www.optica-andorrana.com\\\/ca\\\/?s={search_term_string}\"},\"query-input\":{\"@type\":\"PropertyValueSpecification\",\"valueRequired\":true,\"valueName\":\"search_term_string\"}}],\"inLanguage\":\"ca\"},{\"@type\":\"Organization\",\"@id\":\"https:\\\/\\\/www.optica-andorrana.com\\\/ca\\\/#organization\",\"name\":\"\u00d3ptica Andorrana\",\"url\":\"https:\\\/\\\/www.optica-andorrana.com\\\/ca\\\/\",\"logo\":{\"@type\":\"ImageObject\",\"inLanguage\":\"ca\",\"@id\":\"https:\\\/\\\/www.optica-andorrana.com\\\/ca\\\/#\\\/schema\\\/logo\\\/image\\\/\",\"url\":\"https:\\\/\\\/www.optica-andorrana.com\\\/wp-content\\\/uploads\\\/2022\\\/12\\\/logo-pie.png\",\"contentUrl\":\"https:\\\/\\\/www.optica-andorrana.com\\\/wp-content\\\/uploads\\\/2022\\\/12\\\/logo-pie.png\",\"width\":300,\"height\":274,\"caption\":\"\u00d3ptica Andorrana\"},\"image\":{\"@id\":\"https:\\\/\\\/www.optica-andorrana.com\\\/ca\\\/#\\\/schema\\\/logo\\\/image\\\/\"},\"sameAs\":[\"https:\\\/\\\/www.facebook.com\\\/laandorrana\\\/\",\"https:\\\/\\\/x.com\\\/OpticaAndorrana\",\"https:\\\/\\\/www.instagram.com\\\/opticaandorrana\\\/\",\"https:\\\/\\\/www.linkedin.com\\\/company\\\/optica-andorrana\"]}]}<\/script>\n<!-- \/ Yoast SEO plugin. -->","yoast_head_json":{"title":"Treballa amb nosaltres. Formulari d'ocupaci\u00f3. - \u00d3ptica Andorrana","description":"Vols treballar amb nosaltres? Busquem \u00f2ptics-optometristes, venedors, muntadors i estudiants d'\u00f2ptica per a les nostres \u00f2ptiques.","robots":{"index":"index","follow":"follow","max-snippet":"max-snippet:-1","max-image-preview":"max-image-preview:large","max-video-preview":"max-video-preview:-1"},"canonical":"https:\/\/www.optica-andorrana.com\/ca\/ocupacio\/","og_locale":"ca_ES","og_type":"article","og_title":"Treballa amb nosaltres. Formulari d'ocupaci\u00f3. - \u00d3ptica Andorrana","og_description":"Vols treballar amb nosaltres? Busquem \u00f2ptics-optometristes, venedors, muntadors i estudiants d'\u00f2ptica per a les nostres \u00f2ptiques.","og_url":"https:\/\/www.optica-andorrana.com\/ca\/ocupacio\/","og_site_name":"\u00d3ptica Andorrana","article_publisher":"https:\/\/www.facebook.com\/laandorrana\/","article_modified_time":"2020-12-21T04:02:50+00:00","twitter_card":"summary_large_image","twitter_site":"@OpticaAndorrana","twitter_misc":{"Temps estimat de lectura":"7 minuts"},"schema":{"@context":"https:\/\/schema.org","@graph":[{"@type":"WebPage","@id":"https:\/\/www.optica-andorrana.com\/ca\/ocupacio\/","url":"https:\/\/www.optica-andorrana.com\/ca\/ocupacio\/","name":"Treballa amb nosaltres. Formulari d'ocupaci\u00f3. - \u00d3ptica Andorrana","isPartOf":{"@id":"https:\/\/www.optica-andorrana.com\/ca\/#website"},"datePublished":"2018-09-03T03:17:37+00:00","dateModified":"2020-12-21T04:02:50+00:00","description":"Vols treballar amb nosaltres? Busquem \u00f2ptics-optometristes, venedors, muntadors i estudiants d'\u00f2ptica per a les nostres \u00f2ptiques.","breadcrumb":{"@id":"https:\/\/www.optica-andorrana.com\/ca\/ocupacio\/#breadcrumb"},"inLanguage":"ca","potentialAction":[{"@type":"ReadAction","target":["https:\/\/www.optica-andorrana.com\/ca\/ocupacio\/"]}]},{"@type":"BreadcrumbList","@id":"https:\/\/www.optica-andorrana.com\/ca\/ocupacio\/#breadcrumb","itemListElement":[{"@type":"ListItem","position":1,"name":"Portada","item":"https:\/\/www.optica-andorrana.com\/ca\/"},{"@type":"ListItem","position":2,"name":"Ocupaci\u00f3"}]},{"@type":"WebSite","@id":"https:\/\/www.optica-andorrana.com\/ca\/#website","url":"https:\/\/www.optica-andorrana.com\/ca\/","name":"\u00d3ptica Andorrana","description":"ed de \u00f3pticas con gafas de sol, gafas graduadas y lentes de contacto de primeras marcas a los siempre rebajados precios de Andorra","publisher":{"@id":"https:\/\/www.optica-andorrana.com\/ca\/#organization"},"potentialAction":[{"@type":"SearchAction","target":{"@type":"EntryPoint","urlTemplate":"https:\/\/www.optica-andorrana.com\/ca\/?s={search_term_string}"},"query-input":{"@type":"PropertyValueSpecification","valueRequired":true,"valueName":"search_term_string"}}],"inLanguage":"ca"},{"@type":"Organization","@id":"https:\/\/www.optica-andorrana.com\/ca\/#organization","name":"\u00d3ptica Andorrana","url":"https:\/\/www.optica-andorrana.com\/ca\/","logo":{"@type":"ImageObject","inLanguage":"ca","@id":"https:\/\/www.optica-andorrana.com\/ca\/#\/schema\/logo\/image\/","url":"https:\/\/www.optica-andorrana.com\/wp-content\/uploads\/2022\/12\/logo-pie.png","contentUrl":"https:\/\/www.optica-andorrana.com\/wp-content\/uploads\/2022\/12\/logo-pie.png","width":300,"height":274,"caption":"\u00d3ptica Andorrana"},"image":{"@id":"https:\/\/www.optica-andorrana.com\/ca\/#\/schema\/logo\/image\/"},"sameAs":["https:\/\/www.facebook.com\/laandorrana\/","https:\/\/x.com\/OpticaAndorrana","https:\/\/www.instagram.com\/opticaandorrana\/","https:\/\/www.linkedin.com\/company\/optica-andorrana"]}]}},"_links":{"self":[{"href":"https:\/\/www.optica-andorrana.com\/ca\/wp-json\/wp\/v2\/pages\/771","targetHints":{"allow":["GET"]}}],"collection":[{"href":"https:\/\/www.optica-andorrana.com\/ca\/wp-json\/wp\/v2\/pages"}],"about":[{"href":"https:\/\/www.optica-andorrana.com\/ca\/wp-json\/wp\/v2\/types\/page"}],"author":[{"embeddable":true,"href":"https:\/\/www.optica-andorrana.com\/ca\/wp-json\/wp\/v2\/users\/1"}],"replies":[{"embeddable":true,"href":"https:\/\/www.optica-andorrana.com\/ca\/wp-json\/wp\/v2\/comments?post=771"}],"version-history":[{"count":18,"href":"https:\/\/www.optica-andorrana.com\/ca\/wp-json\/wp\/v2\/pages\/771\/revisions"}],"predecessor-version":[{"id":13635,"href":"https:\/\/www.optica-andorrana.com\/ca\/wp-json\/wp\/v2\/pages\/771\/revisions\/13635"}],"wp:attachment":[{"href":"https:\/\/www.optica-andorrana.com\/ca\/wp-json\/wp\/v2\/media?parent=771"}],"curies":[{"name":"wp","href":"https:\/\/api.w.org\/{rel}","templated":true}]}}