{"id":824,"date":"2018-09-03T05:43:49","date_gmt":"2018-09-03T04:43:49","guid":{"rendered":"http:\/\/www.optica-andorrana.com\/blog\/?page_id=824"},"modified":"2026-04-01T23:06:29","modified_gmt":"2026-04-01T22:06:29","slug":"ofertes","status":"publish","type":"page","link":"https:\/\/www.optica-andorrana.com\/ca\/ofertes\/","title":{"rendered":"Ofertes"},"content":{"rendered":"[et_pb_section fb_built=&#8221;1&#8243; _builder_version=&#8221;4.16&#8243; custom_margin=&#8221;0px||||false|false&#8221; custom_padding=&#8221;0px||||false|false&#8221; da_disable_devices=&#8221;off|off|off&#8221; global_colors_info=&#8221;{}&#8221; da_is_popup=&#8221;off&#8221; da_exit_intent=&#8221;off&#8221; da_has_close=&#8221;on&#8221; da_alt_close=&#8221;off&#8221; da_dark_close=&#8221;off&#8221; da_not_modal=&#8221;on&#8221; da_is_singular=&#8221;off&#8221; da_with_loader=&#8221;off&#8221; da_has_shadow=&#8221;on&#8221;][et_pb_row admin_label=&#8221;T\u00edtulo cat\u00e1logo (PC y Tablet)&#8221; _builder_version=&#8221;4.16&#8243; custom_margin=&#8221;||0px||false|false&#8221; custom_padding=&#8221;||0px||false|false&#8221; global_colors_info=&#8221;{}&#8221;][et_pb_column type=&#8221;4_4&#8243; _builder_version=&#8221;4.16&#8243; custom_padding=&#8221;|||&#8221; global_colors_info=&#8221;{}&#8221; custom_padding__hover=&#8221;|||&#8221;][et_pb_text admin_label=&#8221;Cat\u00e1logo&#8221; _builder_version=&#8221;4.16&#8243; text_font=&#8221;|600|||||||&#8221; header_font=&#8221;|700|||||||&#8221; header_text_color=&#8221;#e00000&#8243; header_2_font=&#8221;|700|||||||&#8221; header_2_text_color=&#8221;#e00000&#8243; header_2_font_size=&#8221;30px&#8221; header_2_line_height=&#8221;1.1em&#8221; custom_margin=&#8221;0px||||false|false&#8221; custom_padding=&#8221;0px||||false|false&#8221; saved_tabs=&#8221;all&#8221; global_colors_info=&#8221;{}&#8221;]\n<h2>Cataleg<\/h2>\n[\/et_pb_text][\/et_pb_column][\/et_pb_row][et_pb_row column_structure=&#8221;1_2,1_2&#8243; admin_label=&#8221;Contenido cat\u00e1logo (PC y Tablet)&#8221; _builder_version=&#8221;4.16&#8243; custom_margin=&#8221;0px||||false|false&#8221; custom_padding=&#8221;0px||||false|false&#8221; global_colors_info=&#8221;{}&#8221;][et_pb_column type=&#8221;1_2&#8243; _builder_version=&#8221;4.16&#8243; custom_padding=&#8221;|||&#8221; global_colors_info=&#8221;{}&#8221; custom_padding__hover=&#8221;|||&#8221;][et_pb_image src=&#8221;https:\/\/www.optica-andorrana.com\/wp-content\/uploads\/2020\/09\/catalogo-proximamente-ca.jpg&#8221; title_text=&#8221;catalogo-proximamente-ca&#8221; align=&#8221;center&#8221; admin_label=&#8221;Banner cat\u00e1logo&#8221; _builder_version=&#8221;4.16&#8243; max_width=&#8221;80%&#8221; z_index_tablet=&#8221;500&#8243; box_shadow_horizontal_tablet=&#8221;0px&#8221; box_shadow_vertical_tablet=&#8221;0px&#8221; box_shadow_blur_tablet=&#8221;40px&#8221; box_shadow_spread_tablet=&#8221;0px&#8221; global_colors_info=&#8221;{}&#8221;][\/et_pb_image][\/et_pb_column][et_pb_column type=&#8221;1_2&#8243; _builder_version=&#8221;4.16&#8243; custom_padding=&#8221;|||&#8221; global_colors_info=&#8221;{}&#8221; custom_padding__hover=&#8221;|||&#8221;][et_pb_text _builder_version=&#8221;4.16&#8243; text_font_size=&#8221;15px&#8221; header_2_font=&#8221;|700|||||||&#8221; header_2_text_align=&#8221;center&#8221; header_2_text_color=&#8221;#e00000&#8243; header_2_font_size=&#8221;20px&#8221; text_orientation=&#8221;center&#8221; custom_margin=&#8221;0px||0px&#8221; z_index_tablet=&#8221;500&#8243; text_text_shadow_horizontal_length_tablet=&#8221;0px&#8221; text_text_shadow_vertical_length_tablet=&#8221;0px&#8221; text_text_shadow_blur_strength_tablet=&#8221;1px&#8221; link_text_shadow_horizontal_length_tablet=&#8221;0px&#8221; link_text_shadow_vertical_length_tablet=&#8221;0px&#8221; link_text_shadow_blur_strength_tablet=&#8221;1px&#8221; ul_text_shadow_horizontal_length_tablet=&#8221;0px&#8221; ul_text_shadow_vertical_length_tablet=&#8221;0px&#8221; ul_text_shadow_blur_strength_tablet=&#8221;1px&#8221; ol_text_shadow_horizontal_length_tablet=&#8221;0px&#8221; ol_text_shadow_vertical_length_tablet=&#8221;0px&#8221; ol_text_shadow_blur_strength_tablet=&#8221;1px&#8221; quote_text_shadow_horizontal_length_tablet=&#8221;0px&#8221; quote_text_shadow_vertical_length_tablet=&#8221;0px&#8221; quote_text_shadow_blur_strength_tablet=&#8221;1px&#8221; header_text_shadow_horizontal_length_tablet=&#8221;0px&#8221; header_text_shadow_vertical_length_tablet=&#8221;0px&#8221; header_text_shadow_blur_strength_tablet=&#8221;1px&#8221; header_2_text_shadow_horizontal_length_tablet=&#8221;0px&#8221; header_2_text_shadow_vertical_length_tablet=&#8221;0px&#8221; header_2_text_shadow_blur_strength_tablet=&#8221;1px&#8221; header_3_text_shadow_horizontal_length_tablet=&#8221;0px&#8221; header_3_text_shadow_vertical_length_tablet=&#8221;0px&#8221; header_3_text_shadow_blur_strength_tablet=&#8221;1px&#8221; header_4_text_shadow_horizontal_length_tablet=&#8221;0px&#8221; header_4_text_shadow_vertical_length_tablet=&#8221;0px&#8221; header_4_text_shadow_blur_strength_tablet=&#8221;1px&#8221; header_5_text_shadow_horizontal_length_tablet=&#8221;0px&#8221; header_5_text_shadow_vertical_length_tablet=&#8221;0px&#8221; header_5_text_shadow_blur_strength_tablet=&#8221;1px&#8221; header_6_text_shadow_horizontal_length_tablet=&#8221;0px&#8221; header_6_text_shadow_vertical_length_tablet=&#8221;0px&#8221; header_6_text_shadow_blur_strength_tablet=&#8221;1px&#8221; box_shadow_horizontal_tablet=&#8221;0px&#8221; box_shadow_vertical_tablet=&#8221;0px&#8221; box_shadow_blur_tablet=&#8221;40px&#8221; box_shadow_spread_tablet=&#8221;0px&#8221; global_colors_info=&#8221;{}&#8221;]\n<h2>Subscriu-te al nostre butllet\u00ed<\/h2>\n<p>Suscriu-te per rebre ofertes, novetats i els nostres cat\u00e0legs.<\/p>\n[\/et_pb_text][et_pb_text _builder_version=&#8221;4.16&#8243; global_colors_info=&#8221;{}&#8221;]                    <script type=\"text\/javascript\">\n                        var onloadSibCallback = function () {\n                            jQuery('.g-recaptcha').each(function (index, el) {\n                                grecaptcha.render(el, {\n                                    'sitekey': jQuery(el).attr('data-sitekey')\n                                });\n                            });\n                        };\n                    <\/script>\n\t\t\t\t\t                <script src=\"https:\/\/www.google.com\/recaptcha\/api.js?onload=onloadSibCallback&render=explicit\" async defer><\/script>\n\t\t\t\t\n\t\t\t<form id=\"sib_signup_form_2\" method=\"post\" class=\"sib_signup_form\">\n\t\t\t\t<div class=\"sib_loader\" style=\"display:none;\"><img\n\t\t\t\t\t\t\tsrc=\"https:\/\/www.optica-andorrana.com\/wp-includes\/images\/spinner.gif\" alt=\"loader\"><\/div>\n\t\t\t\t<input type=\"hidden\" name=\"sib_form_action\" value=\"subscribe_form_submit\">\n\t\t\t\t<input type=\"hidden\" name=\"sib_form_id\" value=\"2\">\n                <input type=\"hidden\" name=\"sib_form_alert_notice\" value=\"Si us plau, omple aquest camp\">\n                <input type=\"hidden\" name=\"sib_form_invalid_email_notice\" value=\"L&#039;adre\u00e7a de correu \u00e9s incorrecta\">\n                <input type=\"hidden\" name=\"sib_security\" value=\"485f9edf37\">\n\t\t\t\t<div class=\"sib_signup_box_inside_2\">\n\t\t\t\t\t<div style=\"\/*display:none*\/\" class=\"sib_msg_disp\">\n\t\t\t\t\t<\/div>\n                    \t\t\t\t\t<p class=\"sib-email-area\">\r\n    <input type=\"email\" class=\"sib-email-area\" name=\"email\" placeholder=\"E-mail\" required=\"required\">\r\n<\/p>\r\n<p class=\"sib-NAME-area\">\r\n    <input type=\"text\" class=\"sib-NAME-area\" name=\"NAME\" placeholder=\"Nom\" required=\"required\">\r\n<\/p>\r\n<input class=\"sib-IDIOMA-area\" name=\"IDIOMA\" type=\"hidden\" value=\"2\"> \r\n<input type=\"checkbox\" name=\"consentimiento\" required=\"required\">He llegit i accepto les condicions contingudes en la pol\u00edtica de privacitat sobre el tractament de les meves dades per l\u2019enviament de la newsletter.\r\n<p><div id=\"sib_captcha\" class=\"g-recaptcha\" data-sitekey=\"6LduAhMpAAAAAPXD7Bw4t7JQN0BgW7p7RZ1YWHDh\"><\/div>\r\n    <input type=\"submit\" class=\"sib-default-btn\" value=\"Subscriure\">\r\n<\/p>\r\n<p class=\"derechos\">MUTRAOPTIC, SL com a responsable del tractament tractar\u00e0 les teves dades amb la finalitat d\u2019enviar-te la nostra newsletter. Pots accedir, rectificar i suprimir les teves dades, aix\u00ed com exercir altres drets consultant la informaci\u00f3 addicional i detallada sobre protecci\u00f3 de dades a la nostra <a href=\"https:\/\/www.optica-andorrana.com\/ca\/politica-de-privacitat\">Pol\u00edtica de Privacitat<\/a><\/p>\r\n\r\n\r\n\t\t\t\t<\/div>\n\t\t\t<\/form>\n\t\t\t<style>\n\t\t\t\tform#sib_signup_form_2 { padding: 5px; -moz-box-sizing:border-box; -webkit-box-sizing: border-box; box-sizing: border-box; } form#sib_signup_form_2 input[type=text],form#sib_signup_form_2 input[type=email], form#sib_signup_form_2 select { font-size:15px; width: 100%; border: 1px solid #bbb; height: auto; margin: 0; padding:5px; } form#sib_signup_form_2 .sib-default-btn { width:100%; margin: 5px 0; padding: 6px 12px; color:#fff; background-color: #E30803; border-color: #E30803; font-size: 14px; font-weight:400; line-height: 1.4285; text-align: center; cursor: pointer; vertical-align: middle; -webkit-user-select:none; -moz-user-select:none; -ms-user-select:none; user-select:none; white-space: normal; border:1px solid transparent; border-radius: 3px; } form#sib_signup_form_2 .sib-default-btn:hover { background-color: #444; } form#sib_signup_form_2 p{ margin: 5px 0 0 0; } p.derechos{ font-size: 0.8em !important; line-height: 1.3em !important; }form#sib_signup_form_2 p.sib-alert-message {\n    padding: 6px 12px;\n    margin-bottom: 20px;\n    border: 1px solid transparent;\n    border-radius: 4px;\n    -webkit-box-sizing: border-box;\n    -moz-box-sizing: border-box;\n    box-sizing: border-box;\n}\nform#sib_signup_form_2 p.sib-alert-message-error {\n    background-color: #f2dede;\n    border-color: #ebccd1;\n    color: #a94442;\n}\nform#sib_signup_form_2 p.sib-alert-message-success {\n    background-color: #dff0d8;\n    border-color: #d6e9c6;\n    color: #3c763d;\n}\nform#sib_signup_form_2 p.sib-alert-message-warning {\n    background-color: #fcf8e3;\n    border-color: #faebcc;\n    color: #8a6d3b;\n}\n\t\t\t<\/style>\n\t\t\t\n[\/et_pb_text][\/et_pb_column][\/et_pb_row][et_pb_row _builder_version=&#8221;4.16&#8243; global_colors_info=&#8221;{}&#8221;][et_pb_column type=&#8221;4_4&#8243; _builder_version=&#8221;4.16&#8243; custom_padding=&#8221;|||&#8221; global_colors_info=&#8221;{}&#8221; custom_padding__hover=&#8221;|||&#8221;][et_pb_text admin_label=&#8221;Promocions vigents&#8221; _builder_version=&#8221;4.16&#8243; text_font=&#8221;|600|||||||&#8221; header_font=&#8221;|700|||||||&#8221; header_text_color=&#8221;#e00000&#8243; header_2_font=&#8221;|700|||||||&#8221; header_2_text_color=&#8221;#e00000&#8243; header_2_line_height=&#8221;1.1em&#8221; custom_margin=&#8221;||0.3em|&#8221; saved_tabs=&#8221;all&#8221; global_colors_info=&#8221;{}&#8221;]\n<h1 class=\"entry-title\" rel=\"bookmark\">Promocions vigents<\/h1>\n[\/et_pb_text][et_pb_image src=&#8221;https:\/\/www.optica-andorrana.com\/wp-content\/uploads\/2026\/04\/ca.jpg&#8221; title_text=&#8221;ca&#8221; align_tablet=&#8221;center&#8221; align_phone=&#8221;&#8221; align_last_edited=&#8221;on|desktop&#8221; admin_label=&#8221;Puma&#8221; _builder_version=&#8221;4.27.6&#8243; custom_margin=&#8221;0px|||&#8221; hover_enabled=&#8221;0&#8243; z_index_tablet=&#8221;500&#8243; box_shadow_horizontal_tablet=&#8221;0px&#8221; box_shadow_vertical_tablet=&#8221;0px&#8221; box_shadow_blur_tablet=&#8221;40px&#8221; box_shadow_spread_tablet=&#8221;0px&#8221; global_colors_info=&#8221;{}&#8221; sticky_enabled=&#8221;0&#8243;][\/et_pb_image][et_pb_image src=&#8221;https:\/\/www.optica-andorrana.com\/wp-content\/uploads\/2026\/02\/plan-veo-scaled.jpg&#8221; title_text=&#8221;plan-veo&#8221; align_tablet=&#8221;center&#8221; align_phone=&#8221;&#8221; align_last_edited=&#8221;on|desktop&#8221; admin_label=&#8221;Plan Veo&#8221; _builder_version=&#8221;4.27.5&#8243; custom_margin=&#8221;0px|||&#8221; z_index_tablet=&#8221;500&#8243; box_shadow_horizontal_tablet=&#8221;0px&#8221; box_shadow_vertical_tablet=&#8221;0px&#8221; box_shadow_blur_tablet=&#8221;40px&#8221; box_shadow_spread_tablet=&#8221;0px&#8221; global_colors_info=&#8221;{}&#8221;][\/et_pb_image][et_pb_image src=&#8221;https:\/\/www.optica-andorrana.com\/wp-content\/uploads\/2024\/09\/SLIDE-WEB-50X100-AUDIO-CATALA.jpg&#8221; title_text=&#8221;SLIDE WEB 50X100 AUDIO CATALA&#8221; align_tablet=&#8221;center&#8221; align_phone=&#8221;&#8221; align_last_edited=&#8221;on|desktop&#8221; admin_label=&#8221;Aud\u00edfonos&#8221; _builder_version=&#8221;4.27.4&#8243; custom_margin=&#8221;0px|||&#8221; z_index_tablet=&#8221;500&#8243; box_shadow_horizontal_tablet=&#8221;0px&#8221; box_shadow_vertical_tablet=&#8221;0px&#8221; box_shadow_blur_tablet=&#8221;40px&#8221; box_shadow_spread_tablet=&#8221;0px&#8221; global_colors_info=&#8221;{}&#8221;][\/et_pb_image][\/et_pb_column][\/et_pb_row][et_pb_row disabled_on=&#8221;off|on|on&#8221; admin_label=&#8221;T\u00edtulo cat\u00e1logo (PC y Tablet)&#8221; _builder_version=&#8221;4.16&#8243; custom_margin=&#8221;||0px||false|false&#8221; custom_padding=&#8221;||0px||false|false&#8221; global_colors_info=&#8221;{}&#8221;][et_pb_column type=&#8221;4_4&#8243; _builder_version=&#8221;4.16&#8243; custom_padding=&#8221;|||&#8221; global_colors_info=&#8221;{}&#8221; custom_padding__hover=&#8221;|||&#8221;][et_pb_text admin_label=&#8221;Cat\u00e1logo&#8221; _builder_version=&#8221;4.16&#8243; text_font=&#8221;|600|||||||&#8221; header_font=&#8221;|700|||||||&#8221; header_text_color=&#8221;#e00000&#8243; header_2_font=&#8221;|700|||||||&#8221; header_2_text_color=&#8221;#e00000&#8243; header_2_font_size=&#8221;30px&#8221; header_2_line_height=&#8221;1.1em&#8221; custom_margin=&#8221;0px||||false|false&#8221; custom_padding=&#8221;0px||||false|false&#8221; saved_tabs=&#8221;all&#8221; global_colors_info=&#8221;{}&#8221;]\n<h2>Cataleg<\/h2>\n[\/et_pb_text][\/et_pb_column][\/et_pb_row][et_pb_row column_structure=&#8221;1_2,1_2&#8243; disabled_on=&#8221;off|on|on&#8221; admin_label=&#8221;Contenido cat\u00e1logo (PC y Tablet)&#8221; _builder_version=&#8221;4.16&#8243; custom_margin=&#8221;0px||||false|false&#8221; custom_padding=&#8221;0px||||false|false&#8221; global_colors_info=&#8221;{}&#8221;][et_pb_column type=&#8221;1_2&#8243; _builder_version=&#8221;4.16&#8243; custom_padding=&#8221;|||&#8221; global_colors_info=&#8221;{}&#8221; custom_padding__hover=&#8221;|||&#8221;][et_pb_image src=&#8221;https:\/\/www.optica-andorrana.com\/wp-content\/uploads\/2020\/09\/catalogo-proximamente-ca.jpg&#8221; title_text=&#8221;catalogo-proximamente-ca&#8221; align=&#8221;center&#8221; admin_label=&#8221;Banner cat\u00e1logo&#8221; _builder_version=&#8221;4.16&#8243; max_width=&#8221;80%&#8221; z_index_tablet=&#8221;500&#8243; box_shadow_horizontal_tablet=&#8221;0px&#8221; box_shadow_vertical_tablet=&#8221;0px&#8221; box_shadow_blur_tablet=&#8221;40px&#8221; box_shadow_spread_tablet=&#8221;0px&#8221; global_colors_info=&#8221;{}&#8221;][\/et_pb_image][\/et_pb_column][et_pb_column type=&#8221;1_2&#8243; _builder_version=&#8221;4.16&#8243; custom_padding=&#8221;|||&#8221; global_colors_info=&#8221;{}&#8221; custom_padding__hover=&#8221;|||&#8221;][et_pb_text _builder_version=&#8221;4.16&#8243; text_font_size=&#8221;15px&#8221; header_2_font=&#8221;|700|||||||&#8221; header_2_text_align=&#8221;center&#8221; header_2_text_color=&#8221;#e00000&#8243; header_2_font_size=&#8221;20px&#8221; text_orientation=&#8221;center&#8221; custom_margin=&#8221;0px||0px&#8221; z_index_tablet=&#8221;500&#8243; text_text_shadow_horizontal_length_tablet=&#8221;0px&#8221; text_text_shadow_vertical_length_tablet=&#8221;0px&#8221; text_text_shadow_blur_strength_tablet=&#8221;1px&#8221; link_text_shadow_horizontal_length_tablet=&#8221;0px&#8221; link_text_shadow_vertical_length_tablet=&#8221;0px&#8221; link_text_shadow_blur_strength_tablet=&#8221;1px&#8221; ul_text_shadow_horizontal_length_tablet=&#8221;0px&#8221; ul_text_shadow_vertical_length_tablet=&#8221;0px&#8221; ul_text_shadow_blur_strength_tablet=&#8221;1px&#8221; ol_text_shadow_horizontal_length_tablet=&#8221;0px&#8221; ol_text_shadow_vertical_length_tablet=&#8221;0px&#8221; ol_text_shadow_blur_strength_tablet=&#8221;1px&#8221; quote_text_shadow_horizontal_length_tablet=&#8221;0px&#8221; quote_text_shadow_vertical_length_tablet=&#8221;0px&#8221; quote_text_shadow_blur_strength_tablet=&#8221;1px&#8221; header_text_shadow_horizontal_length_tablet=&#8221;0px&#8221; header_text_shadow_vertical_length_tablet=&#8221;0px&#8221; header_text_shadow_blur_strength_tablet=&#8221;1px&#8221; header_2_text_shadow_horizontal_length_tablet=&#8221;0px&#8221; header_2_text_shadow_vertical_length_tablet=&#8221;0px&#8221; header_2_text_shadow_blur_strength_tablet=&#8221;1px&#8221; header_3_text_shadow_horizontal_length_tablet=&#8221;0px&#8221; header_3_text_shadow_vertical_length_tablet=&#8221;0px&#8221; header_3_text_shadow_blur_strength_tablet=&#8221;1px&#8221; header_4_text_shadow_horizontal_length_tablet=&#8221;0px&#8221; header_4_text_shadow_vertical_length_tablet=&#8221;0px&#8221; header_4_text_shadow_blur_strength_tablet=&#8221;1px&#8221; header_5_text_shadow_horizontal_length_tablet=&#8221;0px&#8221; header_5_text_shadow_vertical_length_tablet=&#8221;0px&#8221; header_5_text_shadow_blur_strength_tablet=&#8221;1px&#8221; header_6_text_shadow_horizontal_length_tablet=&#8221;0px&#8221; header_6_text_shadow_vertical_length_tablet=&#8221;0px&#8221; header_6_text_shadow_blur_strength_tablet=&#8221;1px&#8221; box_shadow_horizontal_tablet=&#8221;0px&#8221; box_shadow_vertical_tablet=&#8221;0px&#8221; box_shadow_blur_tablet=&#8221;40px&#8221; box_shadow_spread_tablet=&#8221;0px&#8221; global_colors_info=&#8221;{}&#8221;]\n<h2>Subscriu-te al nostre butllet\u00ed<\/h2>\n<p>Suscriu-te per rebre ofertes, novetats i els nostres cat\u00e0legs.<\/p>\n[\/et_pb_text][et_pb_text _builder_version=&#8221;4.16&#8243; global_colors_info=&#8221;{}&#8221;]                    <script type=\"text\/javascript\">\n                        var onloadSibCallback = function () {\n                            jQuery('.g-recaptcha').each(function (index, el) {\n                                grecaptcha.render(el, {\n                                    'sitekey': jQuery(el).attr('data-sitekey')\n                                });\n                            });\n                        };\n                    <\/script>\n\t\t\t\t\t                <script src=\"https:\/\/www.google.com\/recaptcha\/api.js?onload=onloadSibCallback&render=explicit\" async defer><\/script>\n\t\t\t\t\n\t\t\t<form id=\"sib_signup_form_2\" method=\"post\" class=\"sib_signup_form\">\n\t\t\t\t<div class=\"sib_loader\" style=\"display:none;\"><img\n\t\t\t\t\t\t\tsrc=\"https:\/\/www.optica-andorrana.com\/wp-includes\/images\/spinner.gif\" alt=\"loader\"><\/div>\n\t\t\t\t<input type=\"hidden\" name=\"sib_form_action\" value=\"subscribe_form_submit\">\n\t\t\t\t<input type=\"hidden\" name=\"sib_form_id\" value=\"2\">\n                <input type=\"hidden\" name=\"sib_form_alert_notice\" value=\"Si us plau, omple aquest camp\">\n                <input type=\"hidden\" name=\"sib_form_invalid_email_notice\" value=\"L&#039;adre\u00e7a de correu \u00e9s incorrecta\">\n                <input type=\"hidden\" name=\"sib_security\" value=\"485f9edf37\">\n\t\t\t\t<div class=\"sib_signup_box_inside_2\">\n\t\t\t\t\t<div style=\"\/*display:none*\/\" class=\"sib_msg_disp\">\n\t\t\t\t\t<\/div>\n                    \t\t\t\t\t<p class=\"sib-email-area\">\r\n    <input type=\"email\" class=\"sib-email-area\" name=\"email\" placeholder=\"E-mail\" required=\"required\">\r\n<\/p>\r\n<p class=\"sib-NAME-area\">\r\n    <input type=\"text\" class=\"sib-NAME-area\" name=\"NAME\" placeholder=\"Nom\" required=\"required\">\r\n<\/p>\r\n<input class=\"sib-IDIOMA-area\" name=\"IDIOMA\" type=\"hidden\" value=\"2\"> \r\n<input type=\"checkbox\" name=\"consentimiento\" required=\"required\">He llegit i accepto les condicions contingudes en la pol\u00edtica de privacitat sobre el tractament de les meves dades per l\u2019enviament de la newsletter.\r\n<p><div id=\"sib_captcha\" class=\"g-recaptcha\" data-sitekey=\"6LduAhMpAAAAAPXD7Bw4t7JQN0BgW7p7RZ1YWHDh\"><\/div>\r\n    <input type=\"submit\" class=\"sib-default-btn\" value=\"Subscriure\">\r\n<\/p>\r\n<p class=\"derechos\">MUTRAOPTIC, SL com a responsable del tractament tractar\u00e0 les teves dades amb la finalitat d\u2019enviar-te la nostra newsletter. Pots accedir, rectificar i suprimir les teves dades, aix\u00ed com exercir altres drets consultant la informaci\u00f3 addicional i detallada sobre protecci\u00f3 de dades a la nostra <a href=\"https:\/\/www.optica-andorrana.com\/ca\/politica-de-privacitat\">Pol\u00edtica de Privacitat<\/a><\/p>\r\n\r\n\r\n\t\t\t\t<\/div>\n\t\t\t<\/form>\n\t\t\t<style>\n\t\t\t\tform#sib_signup_form_2 { padding: 5px; -moz-box-sizing:border-box; -webkit-box-sizing: border-box; box-sizing: border-box; } form#sib_signup_form_2 input[type=text],form#sib_signup_form_2 input[type=email], form#sib_signup_form_2 select { font-size:15px; width: 100%; border: 1px solid #bbb; height: auto; margin: 0; padding:5px; } form#sib_signup_form_2 .sib-default-btn { width:100%; margin: 5px 0; padding: 6px 12px; color:#fff; background-color: #E30803; border-color: #E30803; font-size: 14px; font-weight:400; line-height: 1.4285; text-align: center; cursor: pointer; vertical-align: middle; -webkit-user-select:none; -moz-user-select:none; -ms-user-select:none; user-select:none; white-space: normal; border:1px solid transparent; border-radius: 3px; } form#sib_signup_form_2 .sib-default-btn:hover { background-color: #444; } form#sib_signup_form_2 p{ margin: 5px 0 0 0; } p.derechos{ font-size: 0.8em !important; line-height: 1.3em !important; }form#sib_signup_form_2 p.sib-alert-message {\n    padding: 6px 12px;\n    margin-bottom: 20px;\n    border: 1px solid transparent;\n    border-radius: 4px;\n    -webkit-box-sizing: border-box;\n    -moz-box-sizing: border-box;\n    box-sizing: border-box;\n}\nform#sib_signup_form_2 p.sib-alert-message-error {\n    background-color: #f2dede;\n    border-color: #ebccd1;\n    color: #a94442;\n}\nform#sib_signup_form_2 p.sib-alert-message-success {\n    background-color: #dff0d8;\n    border-color: #d6e9c6;\n    color: #3c763d;\n}\nform#sib_signup_form_2 p.sib-alert-message-warning {\n    background-color: #fcf8e3;\n    border-color: #faebcc;\n    color: #8a6d3b;\n}\n\t\t\t<\/style>\n\t\t\t\n[\/et_pb_text][\/et_pb_column][\/et_pb_row][\/et_pb_section]\n<span class=\"updated dn\">3 setembre,2018<\/span>","protected":false},"excerpt":{"rendered":"<p>Les millors ofertes, promocions i descomptes d&#8217;\u00d2ptica Andorrana: lents de contacte, ulleres de sol i graduat de marca a preu d&#8217;Andorra<\/p>\n","protected":false},"author":1,"featured_media":0,"parent":0,"menu_order":0,"comment_status":"closed","ping_status":"closed","template":"","meta":{"_acf_changed":false,"_et_pb_use_builder":"on","_et_pb_old_content":"","_et_gb_content_width":"","footnotes":""},"class_list":["post-824","page","type-page","status-publish","hentry"],"acf":[],"yoast_head":"<!-- This site is optimized with the Yoast SEO plugin v27.5 - https:\/\/yoast.com\/product\/yoast-seo-wordpress\/ -->\n<title>Ofertes i promocions en ulleres graduades i de sol - \u00d3ptica Andorrana<\/title>\n<meta name=\"description\" content=\"Les millors ofertes i promocions en ulleres de sol i graduades de les millors marques de mercat. Coneix els nostres incre\u00efbles descomptes!\" \/>\n<meta name=\"robots\" content=\"index, follow, max-snippet:-1, max-image-preview:large, max-video-preview:-1\" \/>\n<link rel=\"canonical\" href=\"https:\/\/www.optica-andorrana.com\/ca\/ofertes\/\" \/>\n<meta property=\"og:locale\" content=\"ca_ES\" \/>\n<meta property=\"og:type\" content=\"article\" \/>\n<meta property=\"og:title\" content=\"Ofertes i promocions en ulleres graduades i de sol - \u00d3ptica Andorrana\" \/>\n<meta property=\"og:description\" content=\"Les millors ofertes i promocions en ulleres de sol i graduades de les millors marques de mercat. Coneix els nostres incre\u00efbles descomptes!\" \/>\n<meta property=\"og:url\" content=\"https:\/\/www.optica-andorrana.com\/ca\/ofertes\/\" \/>\n<meta property=\"og:site_name\" content=\"\u00d3ptica Andorrana\" \/>\n<meta property=\"article:publisher\" content=\"https:\/\/www.facebook.com\/laandorrana\/\" \/>\n<meta property=\"article:modified_time\" content=\"2026-04-01T22:06:29+00:00\" \/>\n<meta name=\"twitter:card\" content=\"summary_large_image\" \/>\n<meta name=\"twitter:site\" content=\"@OpticaAndorrana\" \/>\n<meta name=\"twitter:label1\" content=\"Temps estimat de lectura\" \/>\n\t<meta name=\"twitter:data1\" content=\"2 minuts\" \/>\n<script type=\"application\/ld+json\" class=\"yoast-schema-graph\">{\"@context\":\"https:\\\/\\\/schema.org\",\"@graph\":[{\"@type\":\"WebPage\",\"@id\":\"https:\\\/\\\/www.optica-andorrana.com\\\/ca\\\/ofertes\\\/\",\"url\":\"https:\\\/\\\/www.optica-andorrana.com\\\/ca\\\/ofertes\\\/\",\"name\":\"Ofertes i promocions en ulleres graduades i de sol - \u00d3ptica Andorrana\",\"isPartOf\":{\"@id\":\"https:\\\/\\\/www.optica-andorrana.com\\\/ca\\\/#website\"},\"datePublished\":\"2018-09-03T04:43:49+00:00\",\"dateModified\":\"2026-04-01T22:06:29+00:00\",\"description\":\"Les millors ofertes i promocions en ulleres de sol i graduades de les millors marques de mercat. Coneix els nostres incre\u00efbles descomptes!\",\"breadcrumb\":{\"@id\":\"https:\\\/\\\/www.optica-andorrana.com\\\/ca\\\/ofertes\\\/#breadcrumb\"},\"inLanguage\":\"ca\",\"potentialAction\":[{\"@type\":\"ReadAction\",\"target\":[\"https:\\\/\\\/www.optica-andorrana.com\\\/ca\\\/ofertes\\\/\"]}]},{\"@type\":\"BreadcrumbList\",\"@id\":\"https:\\\/\\\/www.optica-andorrana.com\\\/ca\\\/ofertes\\\/#breadcrumb\",\"itemListElement\":[{\"@type\":\"ListItem\",\"position\":1,\"name\":\"Portada\",\"item\":\"https:\\\/\\\/www.optica-andorrana.com\\\/ca\\\/\"},{\"@type\":\"ListItem\",\"position\":2,\"name\":\"Ofertes\"}]},{\"@type\":\"WebSite\",\"@id\":\"https:\\\/\\\/www.optica-andorrana.com\\\/ca\\\/#website\",\"url\":\"https:\\\/\\\/www.optica-andorrana.com\\\/ca\\\/\",\"name\":\"\u00d3ptica Andorrana\",\"description\":\"ed de \u00f3pticas con gafas de sol, gafas graduadas y lentes de contacto de primeras marcas a los siempre rebajados precios de Andorra\",\"publisher\":{\"@id\":\"https:\\\/\\\/www.optica-andorrana.com\\\/ca\\\/#organization\"},\"potentialAction\":[{\"@type\":\"SearchAction\",\"target\":{\"@type\":\"EntryPoint\",\"urlTemplate\":\"https:\\\/\\\/www.optica-andorrana.com\\\/ca\\\/?s={search_term_string}\"},\"query-input\":{\"@type\":\"PropertyValueSpecification\",\"valueRequired\":true,\"valueName\":\"search_term_string\"}}],\"inLanguage\":\"ca\"},{\"@type\":\"Organization\",\"@id\":\"https:\\\/\\\/www.optica-andorrana.com\\\/ca\\\/#organization\",\"name\":\"\u00d3ptica Andorrana\",\"url\":\"https:\\\/\\\/www.optica-andorrana.com\\\/ca\\\/\",\"logo\":{\"@type\":\"ImageObject\",\"inLanguage\":\"ca\",\"@id\":\"https:\\\/\\\/www.optica-andorrana.com\\\/ca\\\/#\\\/schema\\\/logo\\\/image\\\/\",\"url\":\"https:\\\/\\\/www.optica-andorrana.com\\\/wp-content\\\/uploads\\\/2022\\\/12\\\/logo-pie.png\",\"contentUrl\":\"https:\\\/\\\/www.optica-andorrana.com\\\/wp-content\\\/uploads\\\/2022\\\/12\\\/logo-pie.png\",\"width\":300,\"height\":274,\"caption\":\"\u00d3ptica Andorrana\"},\"image\":{\"@id\":\"https:\\\/\\\/www.optica-andorrana.com\\\/ca\\\/#\\\/schema\\\/logo\\\/image\\\/\"},\"sameAs\":[\"https:\\\/\\\/www.facebook.com\\\/laandorrana\\\/\",\"https:\\\/\\\/x.com\\\/OpticaAndorrana\",\"https:\\\/\\\/www.instagram.com\\\/opticaandorrana\\\/\",\"https:\\\/\\\/www.linkedin.com\\\/company\\\/optica-andorrana\"]}]}<\/script>\n<!-- \/ Yoast SEO plugin. -->","yoast_head_json":{"title":"Ofertes i promocions en ulleres graduades i de sol - \u00d3ptica Andorrana","description":"Les millors ofertes i promocions en ulleres de sol i graduades de les millors marques de mercat. Coneix els nostres incre\u00efbles descomptes!","robots":{"index":"index","follow":"follow","max-snippet":"max-snippet:-1","max-image-preview":"max-image-preview:large","max-video-preview":"max-video-preview:-1"},"canonical":"https:\/\/www.optica-andorrana.com\/ca\/ofertes\/","og_locale":"ca_ES","og_type":"article","og_title":"Ofertes i promocions en ulleres graduades i de sol - \u00d3ptica Andorrana","og_description":"Les millors ofertes i promocions en ulleres de sol i graduades de les millors marques de mercat. Coneix els nostres incre\u00efbles descomptes!","og_url":"https:\/\/www.optica-andorrana.com\/ca\/ofertes\/","og_site_name":"\u00d3ptica Andorrana","article_publisher":"https:\/\/www.facebook.com\/laandorrana\/","article_modified_time":"2026-04-01T22:06:29+00:00","twitter_card":"summary_large_image","twitter_site":"@OpticaAndorrana","twitter_misc":{"Temps estimat de lectura":"2 minuts"},"schema":{"@context":"https:\/\/schema.org","@graph":[{"@type":"WebPage","@id":"https:\/\/www.optica-andorrana.com\/ca\/ofertes\/","url":"https:\/\/www.optica-andorrana.com\/ca\/ofertes\/","name":"Ofertes i promocions en ulleres graduades i de sol - \u00d3ptica Andorrana","isPartOf":{"@id":"https:\/\/www.optica-andorrana.com\/ca\/#website"},"datePublished":"2018-09-03T04:43:49+00:00","dateModified":"2026-04-01T22:06:29+00:00","description":"Les millors ofertes i promocions en ulleres de sol i graduades de les millors marques de mercat. Coneix els nostres incre\u00efbles descomptes!","breadcrumb":{"@id":"https:\/\/www.optica-andorrana.com\/ca\/ofertes\/#breadcrumb"},"inLanguage":"ca","potentialAction":[{"@type":"ReadAction","target":["https:\/\/www.optica-andorrana.com\/ca\/ofertes\/"]}]},{"@type":"BreadcrumbList","@id":"https:\/\/www.optica-andorrana.com\/ca\/ofertes\/#breadcrumb","itemListElement":[{"@type":"ListItem","position":1,"name":"Portada","item":"https:\/\/www.optica-andorrana.com\/ca\/"},{"@type":"ListItem","position":2,"name":"Ofertes"}]},{"@type":"WebSite","@id":"https:\/\/www.optica-andorrana.com\/ca\/#website","url":"https:\/\/www.optica-andorrana.com\/ca\/","name":"\u00d3ptica Andorrana","description":"ed de \u00f3pticas con gafas de sol, gafas graduadas y lentes de contacto de primeras marcas a los siempre rebajados precios de Andorra","publisher":{"@id":"https:\/\/www.optica-andorrana.com\/ca\/#organization"},"potentialAction":[{"@type":"SearchAction","target":{"@type":"EntryPoint","urlTemplate":"https:\/\/www.optica-andorrana.com\/ca\/?s={search_term_string}"},"query-input":{"@type":"PropertyValueSpecification","valueRequired":true,"valueName":"search_term_string"}}],"inLanguage":"ca"},{"@type":"Organization","@id":"https:\/\/www.optica-andorrana.com\/ca\/#organization","name":"\u00d3ptica Andorrana","url":"https:\/\/www.optica-andorrana.com\/ca\/","logo":{"@type":"ImageObject","inLanguage":"ca","@id":"https:\/\/www.optica-andorrana.com\/ca\/#\/schema\/logo\/image\/","url":"https:\/\/www.optica-andorrana.com\/wp-content\/uploads\/2022\/12\/logo-pie.png","contentUrl":"https:\/\/www.optica-andorrana.com\/wp-content\/uploads\/2022\/12\/logo-pie.png","width":300,"height":274,"caption":"\u00d3ptica Andorrana"},"image":{"@id":"https:\/\/www.optica-andorrana.com\/ca\/#\/schema\/logo\/image\/"},"sameAs":["https:\/\/www.facebook.com\/laandorrana\/","https:\/\/x.com\/OpticaAndorrana","https:\/\/www.instagram.com\/opticaandorrana\/","https:\/\/www.linkedin.com\/company\/optica-andorrana"]}]}},"_links":{"self":[{"href":"https:\/\/www.optica-andorrana.com\/ca\/wp-json\/wp\/v2\/pages\/824","targetHints":{"allow":["GET"]}}],"collection":[{"href":"https:\/\/www.optica-andorrana.com\/ca\/wp-json\/wp\/v2\/pages"}],"about":[{"href":"https:\/\/www.optica-andorrana.com\/ca\/wp-json\/wp\/v2\/types\/page"}],"author":[{"embeddable":true,"href":"https:\/\/www.optica-andorrana.com\/ca\/wp-json\/wp\/v2\/users\/1"}],"replies":[{"embeddable":true,"href":"https:\/\/www.optica-andorrana.com\/ca\/wp-json\/wp\/v2\/comments?post=824"}],"version-history":[{"count":120,"href":"https:\/\/www.optica-andorrana.com\/ca\/wp-json\/wp\/v2\/pages\/824\/revisions"}],"predecessor-version":[{"id":17936,"href":"https:\/\/www.optica-andorrana.com\/ca\/wp-json\/wp\/v2\/pages\/824\/revisions\/17936"}],"wp:attachment":[{"href":"https:\/\/www.optica-andorrana.com\/ca\/wp-json\/wp\/v2\/media?parent=824"}],"curies":[{"name":"wp","href":"https:\/\/api.w.org\/{rel}","templated":true}]}}